{"id":1516,"date":"2023-03-02T11:31:15","date_gmt":"2023-03-02T10:31:15","guid":{"rendered":"https:\/\/fermebeauregard.com\/home\/"},"modified":"2023-03-20T09:07:45","modified_gmt":"2023-03-20T08:07:45","slug":"home","status":"publish","type":"page","link":"https:\/\/fermebeauregard.com\/nl\/","title":{"rendered":"Accueil"},"content":{"rendered":"<section id=\"ls-section-block_7c81aa50d35b0c21fcc6e8829bee14f4\" class=\"ls-section  home-intro has-background has-color-1-background-color has-text-color has-color-1-color has-p-t p-t-14 has-p-b p-b-14\" >\n        <div class=\"container container--full\">\n        \n\n<div class=\"wp-block-columns is-layout-flex wp-container-core-columns-is-layout-9d6595d7 wp-block-columns-is-layout-flex\">\n<div class=\"wp-block-column left is-layout-flow wp-block-column-is-layout-flow\" style=\"flex-basis:60%\">\n<figure class=\"wp-block-gallery has-nested-images columns-2 is-cropped wp-block-gallery-1 is-layout-flex wp-block-gallery-is-layout-flex\">\n<figure class=\"wp-block-image size-large animated fadeIn slow\"><a href=\"https:\/\/fermebeauregard.com\/wp-content\/uploads\/2023\/01\/gite-ferme-beauregard-avec-vue-sur-les-pyrennes.jpg\"><img decoding=\"async\" width=\"800\" height=\"600\" data-id=\"232\" src=\"https:\/\/fermebeauregard.com\/wp-content\/uploads\/2023\/01\/gite-ferme-beauregard-avec-vue-sur-les-pyrennes.jpg\" alt=\"gite ferme beauregard met uitzicht op de pyrenee&#xEB;n\" class=\"wp-image-232\" srcset=\"https:\/\/fermebeauregard.com\/wp-content\/uploads\/2023\/01\/gite-ferme-beauregard-avec-vue-sur-les-pyrennes.jpg 800w, https:\/\/fermebeauregard.com\/wp-content\/uploads\/2023\/01\/gite-ferme-beauregard-avec-vue-sur-les-pyrennes-300x225.jpg 300w, https:\/\/fermebeauregard.com\/wp-content\/uploads\/2023\/01\/gite-ferme-beauregard-avec-vue-sur-les-pyrennes-768x576.jpg 768w\" sizes=\"(max-width: 800px) 100vw, 800px\" \/><\/a><\/figure>\n\n\n\n<figure class=\"wp-block-image size-large animated fadeIn delay-100ms slow\"><a href=\"https:\/\/fermebeauregard.com\/wp-content\/uploads\/2023\/01\/gite-ferme-beauregard-dans-un-lieu-exceptionnel.jpg\"><img decoding=\"async\" width=\"800\" height=\"600\" data-id=\"234\" src=\"https:\/\/fermebeauregard.com\/wp-content\/uploads\/2023\/01\/gite-ferme-beauregard-dans-un-lieu-exceptionnel.jpg\" alt=\"boerderij beauregard in het hart van de pyrenee&#xEB;n\" class=\"wp-image-234\" srcset=\"https:\/\/fermebeauregard.com\/wp-content\/uploads\/2023\/01\/gite-ferme-beauregard-dans-un-lieu-exceptionnel.jpg 800w, https:\/\/fermebeauregard.com\/wp-content\/uploads\/2023\/01\/gite-ferme-beauregard-dans-un-lieu-exceptionnel-300x225.jpg 300w, https:\/\/fermebeauregard.com\/wp-content\/uploads\/2023\/01\/gite-ferme-beauregard-dans-un-lieu-exceptionnel-768x576.jpg 768w\" sizes=\"(max-width: 800px) 100vw, 800px\" \/><\/a><\/figure>\n\n\n\n<figure class=\"wp-block-image size-large animated fadeIn delay-200ms slow\"><a href=\"https:\/\/fermebeauregard.com\/wp-content\/uploads\/2023\/01\/gite-ferme-beauregard-panorama-des-pyrenees-1024x461.jpg\"><img decoding=\"async\" width=\"1024\" height=\"461\" data-id=\"236\" src=\"https:\/\/fermebeauregard.com\/wp-content\/uploads\/2023\/01\/gite-ferme-beauregard-panorama-des-pyrenees-1024x461.jpg\" alt=\"gite boerderij panorama des pyrenees\" class=\"wp-image-236\" srcset=\"https:\/\/fermebeauregard.com\/wp-content\/uploads\/2023\/01\/gite-ferme-beauregard-panorama-des-pyrenees-1024x461.jpg 1024w, https:\/\/fermebeauregard.com\/wp-content\/uploads\/2023\/01\/gite-ferme-beauregard-panorama-des-pyrenees-300x135.jpg 300w, https:\/\/fermebeauregard.com\/wp-content\/uploads\/2023\/01\/gite-ferme-beauregard-panorama-des-pyrenees-768x346.jpg 768w, https:\/\/fermebeauregard.com\/wp-content\/uploads\/2023\/01\/gite-ferme-beauregard-panorama-des-pyrenees.jpg 1300w\" sizes=\"(max-width: 1024px) 100vw, 1024px\" \/><\/a><\/figure>\n\n\n\n<figure class=\"wp-block-image size-full animated fadeIn delay-500ms slow\"><a href=\"https:\/\/fermebeauregard.com\/wp-content\/uploads\/2023\/02\/piscine-avec-vue-sur-les-pyrenees.jpg\"><img decoding=\"async\" width=\"750\" height=\"563\" data-id=\"874\" src=\"https:\/\/fermebeauregard.com\/wp-content\/uploads\/2023\/02\/piscine-avec-vue-sur-les-pyrenees.jpg\" alt=\"zwembad met uitzicht op de pyrenee&#xEB;n\" class=\"wp-image-874\" srcset=\"https:\/\/fermebeauregard.com\/wp-content\/uploads\/2023\/02\/piscine-avec-vue-sur-les-pyrenees.jpg 750w, https:\/\/fermebeauregard.com\/wp-content\/uploads\/2023\/02\/piscine-avec-vue-sur-les-pyrenees-300x225.jpg 300w\" sizes=\"(max-width: 750px) 100vw, 750px\" \/><\/a><\/figure>\n<\/figure>\n<\/div>\n\n\n\n<div class=\"wp-block-column right is-layout-flow wp-block-column-is-layout-flow\" style=\"flex-basis:40%\">\n<h1 class=\"ls__heading deco-horizontale wp-block-heading\">G\u00eetes &amp; chambres d&#8217;h\u00f4tes in Ari\u00e8ge met uitzicht op de Pyrenee\u00ebn <\/h1>\n\n\n\n<p class=\"ls-paragraph\">Welkom op de boerderij van Beauregard, een betoverend landgoed in <strong>Artigat<\/strong>, in het noorden van de <strong>Ari\u00e8ge<\/strong>. Ons landgoed biedt rustige en comfortabele accommodatie met <strong>twee g\u00eetes en vier chambres d&#8217;h\u00f4tes<\/strong> die een <strong>adembenemend uitzicht<\/strong> bieden op de majestueuze Ariege\u00efsche Pyrenee\u00ebn.<\/p>\n\n\n\n<p class=\"ls-paragraph\">Naast de accommodatie bieden wij onze gasten ook heerlijke huisgemaakte diners aan. Onze <strong>table d&#8217;h\u00f4te<\/strong> biedt een smakelijke en kleurrijke keuken, vari\u00ebrend van regionale gerechten tot internationale recepten. <\/p>\n\n\n\n<p class=\"ls-paragraph\">Onze boerderij is de ideale plek om <strong>te ontspannen<\/strong>, <strong>op te laden<\/strong> en de schoonheid van <strong>de omringende natuur te ontdekken.<\/strong> <br\/>Onze boerderij is de ideale plek om te ontspannen, op te laden en de schoonheid van de omringende natuur te ontdekken. Boek nu en laat ons u de authentieke charme van de Ari\u00e8ge tonen.<\/p>\n\n\n\n<div id=\"ls-heading ls-titre-div-block_3561d20b3dac25017004f78bcf812811\" class=\"ls-titre-div aligncenter h1-like\" >\n    &#8220;De <\/br>bed and breakfast ervaring met een adembenemend uitzicht op de Pyrenee\u00ebn&#8221;<\/div>\n<\/div>\n<\/div>\n\n\n    <\/div>\n<\/section><section id=\"ls-section-block_618c7e2b33d663ce1d6c59503ce86558\" class=\"ls-section  home-services has-p-t p-t-14 has-p-b p-b-14\" >\n        <div class=\"container container--full\">\n        \n\n<h2 class=\"ls__heading has-text-align-center deco-verticale wp-block-heading\">De table d&#8217;h\u00f4te en de diensten van de boerderij Beauregard<\/h2>\n\n\n\n<p class=\"ls-paragraph has-text-align-center\">Op de boerderij Beauregard Les Pyr\u00e9n\u00e9es ontvangen wij u het hele jaar door in een omgeving die <strong>bevorderlijk<\/strong> is <strong>voor de rust<\/strong>. <\/p>\n\n\n\n<p class=\"ls-paragraph has-text-align-center\">Wij bieden vele diensten aan zoals een <a href=\"https:\/\/fermebeauregard.com\/nl\/maison-hotes-pyrenees\/\">table d&#8217;h\u00f4te<\/a>, een prachtig <a href=\"https:\/\/fermebeauregard.com\/nl\/pension-zwembad-pyreneeen\/\">zwembad<\/a>, een enorme tuin, &#8230; en dit alles met een fantastisch <strong>uitzicht op de Pyrenee\u00ebn.<\/strong><\/p>\n\n\n\n<p class=\"ls-paragraph has-text-align-center\">Met aandacht voor uw welzijn en uw wensen op dat moment, bieden wij u <strong>een gepersonaliseerd en zorgzaam verblijf<\/strong>, in een authentieke omgeving ver van lawaai en stress.<\/p>\n\n\n\n<div class=\"wp-block-columns services has-p-l has-p-r p-l-8 p-r-8 is-layout-flex wp-container-core-columns-is-layout-9d6595d7 wp-block-columns-is-layout-flex\">\n<div class=\"wp-block-column is-layout-flow wp-block-column-is-layout-flow\"><\/div>\n\n\n\n<div class=\"wp-block-column service animated fadeInUp slow is-layout-flow wp-block-column-is-layout-flow\">\n<i class=\"beauregard-snack\"><\/i><span class=\"text\">Snack &#038; Bar<\/span>\n<\/div>\n\n\n\n<div class=\"wp-block-column service animated fadeInUp delay-100ms slow is-layout-flow wp-block-column-is-layout-flow\">\n<i class=\"beauregard-parking\"><\/i><span class=\"text\">Parkeren<\/span>\n<\/div>\n\n\n\n<div class=\"wp-block-column service animated fadeInUp delay-200ms slow is-layout-flow wp-block-column-is-layout-flow\">\n<i class=\"beauregard-wifi\"><\/i><span class=\"text\">Wifi<\/span>\n<\/div>\n\n\n\n<div class=\"wp-block-column service animated fadeInUp delay-500ms slow is-layout-flow wp-block-column-is-layout-flow\">\n<i class=\"beauregard-animaux\"><\/i><span class=\"text\">Huisdieren toegestaan<\/span>\n<\/div>\n\n\n\n<div class=\"wp-block-column is-layout-flow wp-block-column-is-layout-flow\"><\/div>\n<\/div>\n\n\n\n<div class=\"wp-block-columns has-p-t p-t-6 colonnes-cta is-layout-flex wp-container-core-columns-is-layout-9d6595d7 wp-block-columns-is-layout-flex\">\n<div class=\"wp-block-column is-layout-flow wp-block-column-is-layout-flow\">\n<div id=\"ls-cta-block_d3d8c41bdff13add88e0c76bce6a2a2e\" class=\"ls-cta arrondi-haut-droite animated fadeInDown slow\">  \n    \n\n<a href=\"https:\/\/fermebeauregard.com\/nl\/maison-hotes-pyrenees\/\" target=\"\" rel=\"noopener\" class=\"ls-cta__link\">\n\n\t<div class=\"ls-cta__image\"><img decoding=\"async\" src=\"https:\/\/fermebeauregard.com\/wp-content\/uploads\/2023\/02\/chambre-table-hote-ariege-768x523.jpg\" alt=\"chambre hote ariege\"><\/div>\n\t<div class=\"ls-cta__title\">\n\t\tDe gastentafel \t<\/div>\n\n\t\t\n<\/a><\/div><\/div>\n\n\n\n<div class=\"wp-block-column is-layout-flow wp-block-column-is-layout-flow\">\n<div id=\"ls-cta-block_f9c18d04a3b6ce66f514dd3a50e92cdb\" class=\"ls-cta arrondi-haut-gauche animated fadeInDown delay-100ms slow\">  \n    \n\n<a href=\"https:\/\/fermebeauregard.com\/nl\/maison-hotes-pyrenees\/\" target=\"\" rel=\"noopener\" class=\"ls-cta__link\">\n\n\t<div class=\"ls-cta__image\"><img decoding=\"async\" src=\"https:\/\/fermebeauregard.com\/wp-content\/uploads\/2023\/02\/les-services-de-la-ferme-gite-768x576.jpg\" alt=\"services ferme gite\"><\/div>\n\t<div class=\"ls-cta__title\">\n\t\tDe diensten \t<\/div>\n\n\t\t\n<\/a><\/div><\/div>\n<\/div>\n\n\n    <\/div>\n<\/section><section id=\"ls-section-block_2cca836c2771e48c2af8122f080db32d\" class=\"ls-section  home-piscine has-p-t p-t-14 has-p-b p-b-14\" >\n        <div class=\"container container--full\">\n        \n\n<div class=\"wp-block-columns is-layout-flex wp-container-core-columns-is-layout-9d6595d7 wp-block-columns-is-layout-flex\">\n<div class=\"wp-block-column left is-layout-flow wp-block-column-is-layout-flow\">\n<h2 class=\"ls__heading deco-horizontale wp-block-heading\">Onze gastenkamers &amp; g\u00eetes met zwembad in de Ari\u00e8ge<\/h2>\n\n\n\n<p class=\"ls-paragraph\">Wat is er idealer dan te ontspannen bij ons <a href=\"https:\/\/fermebeauregard.com\/nl\/pension-zwembad-pyreneeen\/\">grote zwembad<\/a>, midden in onze grote tuin, met een prachtig uitzicht op de Pyrenee\u00ebn?<\/p>\n\n\n\n<p class=\"ls-paragraph\">Neem de tijd om van deze luxe te genieten. Dolce vita &amp; farniente zullen uw verblijf in onze boerderij Beauregard Les Pyr\u00e9n\u00e9es in de Ari\u00e8ge opluisteren.<\/p>\n\n\n\n<a href=\"https:\/\/fermebeauregard.com\/nl\/pension-zwembad-pyreneeen\/\" id=\"ls-button-block_65f2c790a8a474cf435f5d9d6349e15b\" target=\"\" rel=\"\" class=\"ls-button has-m-t m-t-4\" ><span class=\"text\">Ontdek het zwembad<\/span> <span class='beauregard-fleche'><\/span><\/a>\n\n\n\n\n<figure class=\"wp-block-image size-full arrondi-haut-droite animated fadeInLeft delay-100ms slow\"><img decoding=\"async\" width=\"750\" height=\"563\" src=\"https:\/\/fermebeauregard.com\/wp-content\/uploads\/2023\/02\/piscine-du-gite-beauregard-pyrenees.jpg\" alt=\"zwembad van de gite beauregard\" class=\"wp-image-878\" srcset=\"https:\/\/fermebeauregard.com\/wp-content\/uploads\/2023\/02\/piscine-du-gite-beauregard-pyrenees.jpg 750w, https:\/\/fermebeauregard.com\/wp-content\/uploads\/2023\/02\/piscine-du-gite-beauregard-pyrenees-300x225.jpg 300w\" sizes=\"(max-width: 750px) 100vw, 750px\" \/><\/figure>\n<\/div>\n\n\n\n<div class=\"wp-block-column right is-layout-flow wp-block-column-is-layout-flow\">\n<figure class=\"wp-block-image size-full arrondi-bas-gauche animated fadeInRight slow\"><img decoding=\"async\" width=\"750\" height=\"563\" src=\"https:\/\/fermebeauregard.com\/wp-content\/uploads\/2023\/02\/gite-ferme-beauregard-avec-piscine.jpg\" alt=\"gite ferme beauregard avec piscine\" class=\"wp-image-977\" srcset=\"https:\/\/fermebeauregard.com\/wp-content\/uploads\/2023\/02\/gite-ferme-beauregard-avec-piscine.jpg 750w, https:\/\/fermebeauregard.com\/wp-content\/uploads\/2023\/02\/gite-ferme-beauregard-avec-piscine-300x225.jpg 300w\" sizes=\"(max-width: 750px) 100vw, 750px\" \/><\/figure>\n\n\n\n<div id=\"ls-heading ls-titre-div-block_5e9a9c3e4a7fa59fc6f68e0513e65e4a\" class=\"ls-titre-div aligncenter h1-like has-m-t m-t-8 has-m-b m-b-10\" >\n    &#8220;Duik in ons zwembad met <\/br>aar panoramisch uitzicht op de Pyrenee\u00ebn &#8220;<\/div>\n<\/div>\n<\/div>\n\n\n    <\/div>\n<\/section><section id=\"ls-section-block_8c2e110156ff7ae0594ebea874627878\" class=\"ls-section  home-hebergements has-background has-color-5-background-color has-p-t p-t-14 has-p-b p-b-7\" >\n        <div class=\"container container--full\">\n        \n\n<h2 class=\"ls__heading has-text-align-center deco-verticale wp-block-heading\">Onze boerderij accommodatie in de Pyrenee\u00ebn<\/h2>\n\n\n\n<div id=\"ls-heading ls-titre-div-block_a3a52b53e372dcf93eee9b0aae1afdf4\" class=\"ls-titre-div aligncenter h1-like\" >\n    &#8220;Je geluksbubbel&#8221;.<\/div>\n\n\n\n<p class=\"ls-paragraph has-text-align-center\">Bij Ferme Beauregard hebben we <a href=\"https:\/\/fermebeauregard.com\/nl\/locatie-gite-pyreneeen\/\">twee g\u00eetes te huur in de Pyrenee\u00ebn.<\/a> Elk heeft twee slaapkamers met een eigen badkamer, een mooie woonkamer met een open keuken en een eigen terras; perfect voor <strong>4 personen.<\/strong><\/p>\n\n\n\n<p class=\"ls-paragraph has-text-align-center\">U kunt ook verblijven in een van onze <strong>4 gastenkamers.<\/strong> Ze zijn ruim en charmant, elk met een eigen unieke inrichting.<\/p>\n\n\n\n<div class=\"wp-block-columns has-p-t p-t-4 is-layout-flex wp-container-core-columns-is-layout-9d6595d7 wp-block-columns-is-layout-flex\">\n<div class=\"wp-block-column is-layout-flow wp-block-column-is-layout-flow\">\n<div id=\"ls-cta-block_659366bf7cac8de8de733854a034f7bb\" class=\"ls-cta arrondi-haut-droite animated fadeInDown slow\">  \n    \n\n<a href=\"https:\/\/fermebeauregard.com\/nl\/locatie-gite-pyreneeen\/\" target=\"\" rel=\"noopener\" class=\"ls-cta__link\">\n\n\t<div class=\"ls-cta__image\"><img decoding=\"async\" src=\"https:\/\/fermebeauregard.com\/wp-content\/uploads\/2023\/01\/niche-4-768x576.jpg\" alt=\"De kamers en de g\u00eete\"><\/div>\n\t<div class=\"ls-cta__title\">\n\t\tGites \t<\/div>\n\n\t\t\n<\/a><\/div><\/div>\n\n\n\n<div class=\"wp-block-column is-layout-flow wp-block-column-is-layout-flow\">\n<div id=\"ls-cta-block_8ed70396c0299b1f61c515bc89c436f1\" class=\"ls-cta arrondi-haut-droite arrondi-haut-gauche animated fadeInDown delay-100ms slow\">  \n    \n\n<a href=\"https:\/\/fermebeauregard.com\/nl\/locatie-gite-pyreneeen\/\" target=\"\" rel=\"noopener\" class=\"ls-cta__link\">\n\n\t<div class=\"ls-cta__image\"><img decoding=\"async\" src=\"https:\/\/fermebeauregard.com\/wp-content\/uploads\/2023\/02\/les-chambre-d-hote-en-arieges.jpg\" alt=\"Logies en ontbijt\"><\/div>\n\t<div class=\"ls-cta__title\">\n\t\tLogies en ontbijt \t<\/div>\n\n\t\t\n<\/a><\/div><\/div>\n\n\n\n<div class=\"wp-block-column is-layout-flow wp-block-column-is-layout-flow\">\n<div id=\"ls-cta-block_dd3a9bf17c3b7af7c384df9f10ff0015\" class=\"ls-cta arrondi-haut-gauche animated fadeInDown delay-200ms slow\">  \n    \n\n<a href=\"https:\/\/fermebeauregard.com\/nl\/gite-goedkope-pyreneeen\/\" target=\"\" rel=\"noopener\" class=\"ls-cta__link\">\n\n\t<div class=\"ls-cta__image\"><img decoding=\"async\" src=\"https:\/\/fermebeauregard.com\/wp-content\/uploads\/2023\/02\/gite-chambre-d-hote-pas-cher-ariege.jpg\" alt=\"Onze tarieven\"><\/div>\n\t<div class=\"ls-cta__title\">\n\t\tOnze tarieven \t<\/div>\n\n\t\t\n<\/a><\/div><\/div>\n<\/div>\n\n\n    <\/div>\n<\/section><section id=\"ls-section-block_fad9dbe10c91732759c9fea3d01be793\" class=\"ls-section  home-decouverte has-p-t p-t-14 has-p-b p-b-30\" >\n        <div class=\"container container--full\">\n        \n\n<div class=\"wp-block-columns columns-parent is-layout-flex wp-container-core-columns-is-layout-9d6595d7 wp-block-columns-is-layout-flex\">\n<div class=\"wp-block-column left animated backInDown delay-100ms slow is-layout-flow wp-block-column-is-layout-flow\" style=\"flex-basis:66.66%\">\n<figure class=\"wp-block-image size-full\"><img decoding=\"async\" width=\"1399\" height=\"744\" src=\"https:\/\/fermebeauregard.com\/wp-content\/uploads\/2023\/03\/carte_beauregard.png\" alt=\"carte beau regard\" class=\"wp-image-1968\" srcset=\"https:\/\/fermebeauregard.com\/wp-content\/uploads\/2023\/03\/carte_beauregard.png 1399w, https:\/\/fermebeauregard.com\/wp-content\/uploads\/2023\/03\/carte_beauregard-300x160.png 300w, https:\/\/fermebeauregard.com\/wp-content\/uploads\/2023\/03\/carte_beauregard-1024x545.png 1024w, https:\/\/fermebeauregard.com\/wp-content\/uploads\/2023\/03\/carte_beauregard-768x408.png 768w\" sizes=\"(max-width: 1399px) 100vw, 1399px\" \/><\/figure>\n<\/div>\n\n\n\n<div class=\"wp-block-column right is-layout-flow wp-block-column-is-layout-flow\" style=\"flex-basis:33.33%\">\n<h2 class=\"ls__heading deco-horizontale wp-block-heading\">Bezoeken en activiteiten: ontdek de Ari\u00e8ge vanuit het pension<\/h2>\n\n\n\n<p class=\"ls-paragraph\">De boerderij van Beauregard, gelegen in de Ari\u00e8ge in de regio Occitanie, verwelkomt u het hele jaar door voor een verblijf in het <strong>hart van de natuur<\/strong> met een indrukwekkend uitzicht op de Pyrenee\u00ebn. U bevindt zich in het hart van het land van de Katharen, met zijn kastelen en mythen om te ontdekken, en in de buurt van het Regionaal <a href=\"https:\/\/fermebeauregard.com\/nl\/toerisme-activiteiten-pyreneeen\/\">Natuurpark van de Ariege Pyrenee\u00ebn om te bezoeken.<\/a><\/p>\n\n\n\n<p class=\"ls-paragraph addReadMore showlesscontent\">Om als koppel, met vrienden of collega&#8217;s, in een ontspannen en nette omgeving de verbinding <strong>te verbreken en los te laten.<\/strong> Ferme Beauregard is ideaal gelegen in de buurt van de belangrijkste bezienswaardigheden zoals <strong>Mirepoix<\/strong>, <strong>Foix<\/strong>, de <strong>kastelen van Monts\u00e9gur<\/strong>, <strong>Roquefixade<\/strong>, <strong>Toulouse<\/strong>, <strong>Carcassonne<\/strong>, <strong>Lourdes<\/strong> en <strong>Andorra<\/strong>!<\/p>\n\n\n\n<div class=\"wp-block-columns columns-child is-layout-flex wp-container-core-columns-is-layout-9d6595d7 wp-block-columns-is-layout-flex\">\n<div class=\"wp-block-column is-layout-flow wp-block-column-is-layout-flow\">\n<a href=\"https:\/\/fermebeauregard.com\/nl\/toerisme-activiteiten-pyreneeen\/\" id=\"ls-button-block_da404eb72da85836be164b5f84cda6fc\" target=\"\" rel=\"\" class=\"ls-button\" ><span class=\"text\">Te doen<\/span> <span class='beauregard-fleche'><\/span><\/a>\n\n<\/div>\n\n\n\n<div class=\"wp-block-column is-layout-flow wp-block-column-is-layout-flow\">\n<a href=\"https:\/\/fermebeauregard.com\/nl\/toerisme-pyreneeen\/\" id=\"ls-button-block_b0d241cbaf47ebbe8ab491a3423eb78c\" target=\"\" rel=\"\" class=\"ls-button\" ><span class=\"text\">Te zien<\/span> <span class='beauregard-fleche'><\/span><\/a>\n\n<\/div>\n<\/div>\n<\/div>\n<\/div>\n\n\n    <\/div>\n<\/section><section id=\"ls-section-block_69d2dc03f389244966d4ad7a45d18f23\" class=\"ls-section  home-avis has-background-image has-m-b m-b-0 has-p-b p-b-25\" >\n    <div class=\"ls-section__background-image opacity-100\"><img decoding=\"async\" src=\"https:\/\/fermebeauregard.com\/wp-content\/uploads\/2023\/02\/location-gite-ariege.webp\" alt=\"\"><\/div>    <div class=\"container container--wide\">\n        \n\n<div class=\"wp-block-columns is-layout-flex wp-container-core-columns-is-layout-9d6595d7 wp-block-columns-is-layout-flex\">\n<div class=\"wp-block-column is-layout-flow wp-block-column-is-layout-flow\"><\/div>\n\n\n\n<div class=\"wp-block-column is-layout-flow wp-block-column-is-layout-flow\">\n<div id=\"ls-heading ls-titre-div-block_b30f9e0603cdab6013d2643e3506c937\" class=\"ls-titre-div deco-horizontale h2-like has-m-l m-l-10\" >\n    En wat vinden onze klanten ervan?<\/div>\n<\/div>\n<\/div>\n\n\n<div class=\"avis-container\"><div class=\"avis\"><div class=\"avis-image\"><img decoding=\"async\" src=\"https:\/\/fermebeauregard.com\/wp-content\/uploads\/2023\/01\/gite-ariege.jpg\" alt=\"gite-ariege\"><\/div><div class=\"avis-note\">\n                                <span><i class=\"beauregard-star\"><\/i><\/span><span><i class=\"beauregard-star\"><\/i><\/span><span><i class=\"beauregard-star\"><\/i><\/span><span><i class=\"beauregard-star\"><\/i><\/span><span><i class=\"beauregard-star\"><\/i><\/span>\n                            <\/div><div class=\"avis-content-container\"><div class=\"avis-text-container\"><div class=\"avis-name\">Marie et St\u00e9phane<\/div><div class=\"avis-content\"><p>We hadden een perfecte week op de boerderij van Beauregard in de Ari\u00e8ge. De omgeving was prachtig, met een prachtig uitzicht op de Pyrenee\u00ebn. De gite was comfortabel, schoon en goed uitgerust, en de table d&#8217;h\u00f4te keuken was heerlijk. We hebben genoten van het warme welkom van onze gastheren. Wij bevelen deze plek ten zeerste aan voor een ontspannende en lonende vakantie.<\/p>\n<\/div><\/div><\/div><\/div><div class=\"avis\"><div class=\"avis-image\"><img decoding=\"async\" src=\"https:\/\/fermebeauregard.com\/wp-content\/uploads\/2023\/01\/location-gite-pyrenees.jpg\" alt=\"location-gite-pyrenees\"><\/div><div class=\"avis-note\">\n                                <span><i class=\"beauregard-star\"><\/i><\/span><span><i class=\"beauregard-star\"><\/i><\/span><span><i class=\"beauregard-star\"><\/i><\/span><span><i class=\"beauregard-star\"><\/i><\/span><span><i class=\"beauregard-star\"><\/i><\/span>\n                            <\/div><div class=\"avis-content-container\"><div class=\"avis-text-container\"><div class=\"avis-name\">Nat <\/div><div class=\"avis-content\"><p>We hielden van het panoramische uitzicht op de bergen en de rust van de plek. De kamer was ruim, goed ingericht en zeer comfortabel. We hebben vooral genoten van de table d&#8217;h\u00f4te, die smakelijke en originele gerechten biedt. De gastheren waren zeer gastvrij en vriendelijk en maakten ons verblijf zeer aangenaam.<\/p>\n<\/div><\/div><\/div><\/div><div class=\"avis\"><div class=\"avis-image\"><img decoding=\"async\" src=\"https:\/\/fermebeauregard.com\/wp-content\/uploads\/2023\/02\/gite-calme-avec-vue-sur-pyrenees.jpg\" alt=\"gite-calme-avec-vue-sur-pyrenees\"><\/div><div class=\"avis-note\">\n                                <span><i class=\"beauregard-star\"><\/i><\/span><span><i class=\"beauregard-star\"><\/i><\/span><span><i class=\"beauregard-star\"><\/i><\/span><span><i class=\"beauregard-star\"><\/i><\/span><span><i class=\"beauregard-star\"><\/i><\/span>\n                            <\/div><div class=\"avis-content-container\"><div class=\"avis-text-container\"><div class=\"avis-name\">Yves<\/div><div class=\"avis-content\"><p>Mijn vrouw en ik waren onmiddellijk gecharmeerd door de warme ontvangst van onze gastheren en de vredige sfeer van het landgoed. Het uitzicht op de bergen was adembenemend en de gite was zeer comfortabel en smaakvol ingericht. Het eten was ook heerlijk, met verse, lokale ingredi\u00ebnten.\u00a0Wij bevelen deze plek ten zeerste aan voor een geweldige vakantie met familie en vrienden.<\/p>\n<\/div><\/div><\/div><\/div><\/div>\n\n\n    <\/div>\n<\/section><section id=\"ls-section-block_683875c076592e46b1d4ce065a96b070\" class=\"ls-section  home-socials has-p-t p-t-14 has-p-b p-b-14\" >\n        <div class=\"container container--wide\">\n        \n\n<div id=\"ls-heading ls-titre-div-block_2ee6475c1b025e6de3d122f7c6188164\" class=\"ls-titre-div deco-horizontale deco-maison h2-like\" >\n    Volg ons <a href=\"https:\/\/www.instagram.com\/bnbfermebeauregard\/\" target=\"_bank\">@bnbfermebeauregard<\/a><\/div>\n\n\n        <div\n            class=\"spotlight-instagram-feed\"\n            data-feed-var=\"762c37af\"\n            data-analytics=\"0\"\n            data-instance=\"1516\"\n        >\n        <\/div>\n        <input type=\"hidden\" id=\"sli__f__762c37af\" data-json='{&quot;useCase&quot;:&quot;accounts&quot;,&quot;template&quot;:&quot;row&quot;,&quot;layout&quot;:&quot;grid&quot;,&quot;numColumns&quot;:{&quot;desktop&quot;:6,&quot;phone&quot;:3,&quot;tablet&quot;:5},&quot;highlightFreq&quot;:{&quot;desktop&quot;:7},&quot;sliderNumScrollPosts&quot;:{&quot;desktop&quot;:1},&quot;sliderInfinite&quot;:true,&quot;sliderLoop&quot;:false,&quot;sliderArrowPos&quot;:{&quot;desktop&quot;:&quot;inside&quot;},&quot;sliderArrowSize&quot;:{&quot;desktop&quot;:20},&quot;sliderArrowColor&quot;:{&quot;r&quot;:255,&quot;b&quot;:255,&quot;g&quot;:255,&quot;a&quot;:1},&quot;sliderArrowBgColor&quot;:{&quot;r&quot;:0,&quot;b&quot;:0,&quot;g&quot;:0,&quot;a&quot;:0.8},&quot;sliderAutoScroll&quot;:false,&quot;sliderAutoInterval&quot;:3,&quot;postOrder&quot;:&quot;date_desc&quot;,&quot;numPosts&quot;:{&quot;desktop&quot;:6,&quot;phone&quot;:3,&quot;tablet&quot;:5},&quot;linkBehavior&quot;:{&quot;desktop&quot;:&quot;lightbox&quot;},&quot;feedWidth&quot;:{&quot;desktop&quot;:0},&quot;feedHeight&quot;:{&quot;desktop&quot;:0},&quot;feedPadding&quot;:{&quot;desktop&quot;:0,&quot;tablet&quot;:0,&quot;phone&quot;:0},&quot;imgPadding&quot;:{&quot;desktop&quot;:5,&quot;tablet&quot;:0,&quot;phone&quot;:0},&quot;textSize&quot;:{&quot;desktop&quot;:0,&quot;tablet&quot;:0,&quot;phone&quot;:0},&quot;bgColor&quot;:{&quot;r&quot;:255,&quot;g&quot;:255,&quot;b&quot;:255,&quot;a&quot;:0},&quot;hoverInfo&quot;:[&quot;likes_comments&quot;,&quot;insta_link&quot;,&quot;date&quot;],&quot;textColorHover&quot;:{&quot;r&quot;:255,&quot;g&quot;:255,&quot;b&quot;:255,&quot;a&quot;:1},&quot;bgColorHover&quot;:{&quot;r&quot;:0,&quot;g&quot;:0,&quot;b&quot;:0,&quot;a&quot;:0.5},&quot;showHeader&quot;:{&quot;desktop&quot;:false},&quot;headerInfo&quot;:{&quot;desktop&quot;:[&quot;profile_pic&quot;]},&quot;headerAccount&quot;:null,&quot;headerStyle&quot;:{&quot;desktop&quot;:&quot;normal&quot;,&quot;phone&quot;:&quot;centered&quot;},&quot;headerTextSize&quot;:{&quot;desktop&quot;:17},&quot;headerPhotoSize&quot;:{&quot;desktop&quot;:40},&quot;headerTextColor&quot;:{&quot;r&quot;:69,&quot;g&quot;:135,&quot;b&quot;:138,&quot;a&quot;:1},&quot;headerBgColor&quot;:{&quot;r&quot;:255,&quot;g&quot;:255,&quot;b&quot;:255,&quot;a&quot;:0},&quot;headerPadding&quot;:{&quot;desktop&quot;:0},&quot;customProfilePic&quot;:&quot;&quot;,&quot;customBioText&quot;:&quot;&quot;,&quot;includeStories&quot;:false,&quot;storiesInterval&quot;:5,&quot;showCaptions&quot;:{&quot;desktop&quot;:false,&quot;tablet&quot;:false},&quot;captionMaxLength&quot;:{&quot;desktop&quot;:0},&quot;captionRemoveDots&quot;:false,&quot;captionSize&quot;:{&quot;desktop&quot;:0},&quot;captionColor&quot;:{&quot;r&quot;:0,&quot;g&quot;:0,&quot;b&quot;:0,&quot;a&quot;:1},&quot;showLikes&quot;:{&quot;desktop&quot;:false,&quot;tablet&quot;:false},&quot;showComments&quot;:{&quot;desktop&quot;:false,&quot;tablet&quot;:false},&quot;lcIconSize&quot;:{&quot;desktop&quot;:14},&quot;likesIconColor&quot;:{&quot;r&quot;:0,&quot;g&quot;:0,&quot;b&quot;:0,&quot;a&quot;:1},&quot;commentsIconColor&quot;:{&quot;r&quot;:0,&quot;g&quot;:0,&quot;b&quot;:0,&quot;a&quot;:1},&quot;lightboxShowSidebar&quot;:false,&quot;lightboxCtaStyle&quot;:&quot;link&quot;,&quot;lightboxCtaDesign&quot;:{&quot;text&quot;:{&quot;color&quot;:{&quot;r&quot;:0,&quot;g&quot;:0,&quot;b&quot;:0,&quot;a&quot;:1},&quot;align&quot;:&quot;center&quot;},&quot;bgColor&quot;:{&quot;r&quot;:230,&quot;g&quot;:230,&quot;b&quot;:230,&quot;a&quot;:1},&quot;border&quot;:{&quot;radius&quot;:3}},&quot;numLightboxComments&quot;:50,&quot;showLoadMoreBtn&quot;:{&quot;desktop&quot;:false},&quot;loadMoreBtnDesign&quot;:{&quot;text&quot;:{&quot;color&quot;:{&quot;r&quot;:255,&quot;g&quot;:255,&quot;b&quot;:255,&quot;a&quot;:1},&quot;align&quot;:&quot;center&quot;},&quot;border&quot;:{&quot;radius&quot;:3},&quot;bgColor&quot;:{&quot;r&quot;:0,&quot;g&quot;:149,&quot;b&quot;:246,&quot;a&quot;:1},&quot;margin&quot;:{&quot;top&quot;:0,&quot;bottom&quot;:0,&quot;left&quot;:0,&quot;right&quot;:0}},&quot;loadMoreBtnText&quot;:&quot;Load more&quot;,&quot;loadMoreBtnScroll&quot;:true,&quot;autoload&quot;:false,&quot;showFollowBtn&quot;:{&quot;desktop&quot;:false,&quot;phone&quot;:false},&quot;followBtnText&quot;:&quot;Follow on Instagram&quot;,&quot;followBtnDesign&quot;:{&quot;text&quot;:{&quot;color&quot;:{&quot;r&quot;:255,&quot;g&quot;:255,&quot;b&quot;:255,&quot;a&quot;:1},&quot;align&quot;:&quot;center&quot;},&quot;border&quot;:{&quot;radius&quot;:3},&quot;bgColor&quot;:{&quot;r&quot;:0,&quot;g&quot;:149,&quot;b&quot;:246,&quot;a&quot;:1},&quot;margin&quot;:{&quot;top&quot;:0,&quot;bottom&quot;:0,&quot;left&quot;:0,&quot;right&quot;:0}},&quot;followBtnLocation&quot;:{&quot;desktop&quot;:&quot;header&quot;,&quot;phone&quot;:&quot;bottom&quot;},&quot;alignFooterButtons&quot;:{&quot;desktop&quot;:false},&quot;customCss&quot;:&quot;\\\/* Enter your custom CSS below *\\\/\\n\\n&quot;,&quot;accounts&quot;:[1255],&quot;tagged&quot;:[],&quot;hashtags&quot;:[],&quot;mediaType&quot;:&quot;all&quot;,&quot;hashtagWhitelist&quot;:[],&quot;hashtagBlacklist&quot;:[],&quot;captionWhitelist&quot;:[],&quot;captionBlacklist&quot;:[],&quot;hashtagWhitelistSettings&quot;:true,&quot;hashtagBlacklistSettings&quot;:true,&quot;captionWhitelistSettings&quot;:true,&quot;captionBlacklistSettings&quot;:true,&quot;moderation&quot;:[],&quot;moderationMode&quot;:&quot;blacklist&quot;,&quot;promosVersion&quot;:2,&quot;promosEnabled&quot;:true,&quot;globalPromosEnabled&quot;:true,&quot;autoPromosEnabled&quot;:true,&quot;promoOverrides&quot;:[],&quot;feedPromo&quot;:{&quot;linkSource&quot;:{&quot;type&quot;:null},&quot;linkBehavior&quot;:{&quot;openNewTab&quot;:false,&quot;showPopupBox&quot;:false},&quot;linkText&quot;:&quot;&quot;},&quot;gaCampaignSource&quot;:&quot;&quot;,&quot;gaCampaignMedium&quot;:&quot;&quot;,&quot;gaCampaignName&quot;:&quot;&quot;}' \/>\n        <input type=\"hidden\" id=\"sli__a__762c37af\" data-json='[{&quot;id&quot;:1255,&quot;type&quot;:&quot;PERSONAL&quot;,&quot;userId&quot;:&quot;5888553951238206&quot;,&quot;username&quot;:&quot;bnbfermebeauregard&quot;,&quot;bio&quot;:&quot;&quot;,&quot;customBio&quot;:&quot;&quot;,&quot;profilePicUrl&quot;:&quot;&quot;,&quot;customProfilePicUrl&quot;:&quot;&quot;,&quot;mediaCount&quot;:&quot;66&quot;,&quot;followersCount&quot;:&quot;0&quot;,&quot;usages&quot;:[],&quot;creationDate&quot;:&quot;2023-02-17 15:01:54&quot;}]' \/>\n        <input type=\"hidden\" id=\"sli__m__762c37af\" data-json='[]' \/>\n        \n\n\n    <\/div>\n<\/section>","protected":false},"excerpt":{"rendered":"","protected":false},"author":1,"featured_media":3213,"parent":0,"menu_order":0,"comment_status":"closed","ping_status":"closed","template":"","meta":{"_acf_changed":false,"footnotes":""},"sujet":[],"class_list":["post-1516","page","type-page","status-publish","has-post-thumbnail","hentry"],"acf":[],"_links":{"self":[{"href":"https:\/\/fermebeauregard.com\/nl\/wp-json\/wp\/v2\/pages\/1516","targetHints":{"allow":["GET"]}}],"collection":[{"href":"https:\/\/fermebeauregard.com\/nl\/wp-json\/wp\/v2\/pages"}],"about":[{"href":"https:\/\/fermebeauregard.com\/nl\/wp-json\/wp\/v2\/types\/page"}],"author":[{"embeddable":true,"href":"https:\/\/fermebeauregard.com\/nl\/wp-json\/wp\/v2\/users\/1"}],"replies":[{"embeddable":true,"href":"https:\/\/fermebeauregard.com\/nl\/wp-json\/wp\/v2\/comments?post=1516"}],"version-history":[{"count":32,"href":"https:\/\/fermebeauregard.com\/nl\/wp-json\/wp\/v2\/pages\/1516\/revisions"}],"predecessor-version":[{"id":2169,"href":"https:\/\/fermebeauregard.com\/nl\/wp-json\/wp\/v2\/pages\/1516\/revisions\/2169"}],"wp:featuredmedia":[{"embeddable":true,"href":"https:\/\/fermebeauregard.com\/nl\/wp-json\/wp\/v2\/media\/3213"}],"wp:attachment":[{"href":"https:\/\/fermebeauregard.com\/nl\/wp-json\/wp\/v2\/media?parent=1516"}],"wp:term":[{"taxonomy":"sujet","embeddable":true,"href":"https:\/\/fermebeauregard.com\/nl\/wp-json\/wp\/v2\/sujet?post=1516"}],"curies":[{"name":"wp","href":"https:\/\/api.w.org\/{rel}","templated":true}]}}