{"id":1530,"date":"2023-03-02T13:52:21","date_gmt":"2023-03-02T12:52:21","guid":{"rendered":"https:\/\/fermebeauregard.com\/gite-goedkope-pyreneeen\/"},"modified":"2026-02-10T11:02:32","modified_gmt":"2026-02-10T10:02:32","slug":"gite-goedkope-pyreneeen","status":"publish","type":"page","link":"https:\/\/fermebeauregard.com\/nl\/gite-goedkope-pyreneeen\/","title":{"rendered":"Tarieven"},"content":{"rendered":"<section id=\"ls-section-block_03c073d0a3cd668647376ef2aaf37f71\" class=\"ls-section  page-chapeau has-p-t p-t-14\" >\n        <div class=\"container container--wide\">\n        \n\n<h1 class=\"ls__heading wp-block-heading has-text-align-center deco-verticale\">Geniet van een kwaliteitsvolle g\u00eete of gastenkamer in de Ari\u00e8ge voor een aantrekkelijke prijs<\/h1>\n\n\n    <\/div>\n<\/section>\n\n\n<a href=\"https:\/\/fermebeauregard.com\/wp-content\/uploads\/2023\/01\/Tarifs-2026-E-WORD.pdf\" id=\"ls-button-block_39f7f890364a108cf3d06b6e5d7f0653\" target=\"_blank\" rel=\"noopener\" class=\"ls-button aligncenter\" ><span class=\"text\">Onze prijslijst<\/span> <span class='beauregard-fleche'><\/span><\/a>\n\n\n\n<section id=\"ls-section-block_02de3ec2213da843bf3f70a5014ab984\" class=\"ls-section  page-one montagnes has-background has-color-1-background-color has-p-t p-t-14 has-p-b p-b-30\" >\n        <div class=\"container container--wide\">\n        \n\n<div class=\"wp-block-columns is-layout-flex wp-container-core-columns-is-layout-9d6595d7 wp-block-columns-is-layout-flex\">\n<div class=\"wp-block-column left is-layout-flow wp-block-column-is-layout-flow\">\n<figure class=\"wp-block-image size-full arrondi-haut-gauche arrondi-bas-droite animated fadeInUp slow\"><img decoding=\"async\" width=\"799\" height=\"600\" src=\"https:\/\/fermebeauregard.com\/wp-content\/uploads\/2023\/02\/location-gite-pas-cher-ariege.webp\" alt=\"goedkope gite huren ariege\" class=\"wp-image-1233\" srcset=\"https:\/\/fermebeauregard.com\/wp-content\/uploads\/2023\/02\/location-gite-pas-cher-ariege.webp 799w, https:\/\/fermebeauregard.com\/wp-content\/uploads\/2023\/02\/location-gite-pas-cher-ariege-300x225.webp 300w, https:\/\/fermebeauregard.com\/wp-content\/uploads\/2023\/02\/location-gite-pas-cher-ariege-768x577.webp 768w\" sizes=\"(max-width: 799px) 100vw, 799px\" \/><\/figure>\n<\/div>\n\n\n\n<div class=\"wp-block-column right is-layout-flow wp-block-column-is-layout-flow\">\n<h2 class=\"ls__heading wp-block-heading deco-horizontale\">G\u00eete en bed and breakfast in Ari\u00e8ge aan de beste prijs<\/h2>\n\n\n\n<p class=\"ls-paragraph\">Bent u op zoek <strong>naar kwaliteitsaccommodatie tegen<\/strong> de beste prijs voor uw verblijf in de Pyrenee\u00ebn? Bent u op zoek naar een echt ontspannende natuurlijke omgeving?<\/p>\n\n\n\n<p class=\"ls-paragraph\">Onze <a href=\"https:\/\/fermebeauregard.com\/nl\/locatie-gite-pyreneeen\/\">gastenkamers en charmante g\u00eetes zijn<\/a> de ideale plek om te ontspannen en los te komen van de dagelijkse routine. Wij bereiden <a href=\"https:\/\/fermebeauregard.com\/nl\/maison-hotes-pyrenees\/\">lekkere ontbijtjes en maaltijden<\/a> om u maximaal comfort te bieden tegen een <strong>zeer aantrekkelijke prijs<\/strong> en uw vakantie uniek te maken. <\/p>\n\n\n\n<p class=\"ls-paragraph\">Voor een vakantie in de Pyrenee\u00ebn tegen lage prijzen en met een maximum aan diensten biedt <a href=\"https:\/\/fermebeauregard.com\/nl\/\">Ferme Beauregard<\/a> u haar beste tarieven. Goedkoop en van hoge kwaliteit, de g\u00eete en de chambre d&#8217;h\u00f4te in de Ari\u00e8ge bieden <strong>u de droomvakantie<\/strong> die u nodig heeft. <\/p>\n\n\n\n<p class=\"ls-paragraph\">Of het nu voor een <strong>weekend<\/strong>, een <strong>week of langer<\/strong> is, de B&amp;B de la Ferme Beauregard biedt u de rust die u verdient tegen de beste prijs.<\/p>\n<\/div>\n<\/div>\n\n\n    <\/div>\n<\/section>\n\n<section id=\"ls-section-block_1d2a4031fd5dc441369cf2d81165b180\" class=\"ls-section  page-two branche has-background has-color-5-background-color\" >\n        <div class=\"container container--wide\">\n        \n\n<div class=\"wp-block-columns is-layout-flex wp-container-core-columns-is-layout-9d6595d7 wp-block-columns-is-layout-flex\">\n<div class=\"wp-block-column is-vertically-aligned-center left is-layout-flow wp-block-column-is-layout-flow\">\n<h2 class=\"ls__heading wp-block-heading deco-horizontale\">Profiteer van onze promoties<\/h2>\n\n\n\n<p class=\"ls-paragraph\">Bent u verliefd geworden op de Pyrenee\u00ebn en wilt u meerdere nachten <strong>in de Ari\u00e8ge doorbrengen<\/strong>?<\/p>\n\n\n\n<p class=\"ls-paragraph\">Met de <strong>speciale aanbieding &#8220;zorgeloze week&#8221;<\/strong> profiteert u <strong>van 12% korting op uw lange verblijf<\/strong> in elk seizoen. Deze aanbieding omvat halfpension en geldt voor gastenkamers en g\u00eetes. Geniet dus van <strong>een budgetvakantie in de Ari\u00e8ge<\/strong> met het comfort van ontbijt op bed en een smakelijk &amp; seizoensgebonden diner.<\/p>\n\n\n\n<p class=\"ls-paragraph\">Het hele jaar door bieden wij de laagst mogelijke tarieven voor onze verhuur.<\/p>\n<\/div>\n\n\n\n<div class=\"wp-block-column is-vertically-aligned-center is-layout-flow wp-block-column-is-layout-flow\">\n<figure class=\"wp-block-image size-full arrondi-bas-gauche animated fadeInRight slow\"><img decoding=\"async\" width=\"799\" height=\"600\" src=\"https:\/\/fermebeauregard.com\/wp-content\/uploads\/2023\/02\/chambre-hote-pas-cher-ariege.webp\" alt=\"goedkope bed and breakfast ariege\" class=\"wp-image-1237\" srcset=\"https:\/\/fermebeauregard.com\/wp-content\/uploads\/2023\/02\/chambre-hote-pas-cher-ariege.webp 799w, https:\/\/fermebeauregard.com\/wp-content\/uploads\/2023\/02\/chambre-hote-pas-cher-ariege-300x225.webp 300w, https:\/\/fermebeauregard.com\/wp-content\/uploads\/2023\/02\/chambre-hote-pas-cher-ariege-768x577.webp 768w\" sizes=\"(max-width: 799px) 100vw, 799px\" \/><\/figure>\n<\/div>\n<\/div>\n\n\n\n<div class=\"wp-block-columns is-layout-flex wp-container-core-columns-is-layout-9d6595d7 wp-block-columns-is-layout-flex\">\n<div class=\"wp-block-column is-vertically-aligned-center is-layout-flow wp-block-column-is-layout-flow\">\n<figure class=\"wp-block-image size-full arrondi-haut-droite animated fadeInLeft delay-100ms slow\"><img decoding=\"async\" width=\"799\" height=\"600\" src=\"https:\/\/fermebeauregard.com\/wp-content\/uploads\/2023\/02\/hebergement-pas-cher-ariege.webp\" alt=\"goedkope accommodatie ariege\" class=\"wp-image-1245\" srcset=\"https:\/\/fermebeauregard.com\/wp-content\/uploads\/2023\/02\/hebergement-pas-cher-ariege.webp 799w, https:\/\/fermebeauregard.com\/wp-content\/uploads\/2023\/02\/hebergement-pas-cher-ariege-300x225.webp 300w, https:\/\/fermebeauregard.com\/wp-content\/uploads\/2023\/02\/hebergement-pas-cher-ariege-768x577.webp 768w\" sizes=\"(max-width: 799px) 100vw, 799px\" \/><\/figure>\n<\/div>\n\n\n\n<div class=\"wp-block-column is-vertically-aligned-center right is-layout-flow wp-block-column-is-layout-flow\">\n<h2 class=\"ls__heading wp-block-heading deco-horizontale\">Boek uw huur online<\/h2>\n\n\n\n<p class=\"ls-paragraph\">Om uw vakantieverblijf tegen de beste prijs te betalen raden wij <strong>u aan rechtstreeks<\/strong> bij ons te boeken per telefoon of via onze website. <\/p>\n\n\n\n<p class=\"ls-paragraph\">Wij informeren u dat ons domein is ontworpen om volwassenen <strong>een ontspannende ervaring te bieden.<\/strong> <\/p>\n\n\n\n<p class=\"ls-paragraph\">Daarom hebben wij besloten geen kinderen <strong>onder de 12 jaar toe te laten.<\/strong> Wij zijn ons ervan bewust dat dit beleid ongemak kan veroorzaken voor sommige gezinnen, maar het is noodzakelijk om een rustige en ontspannende omgeving voor al onze gasten te garanderen.<\/p>\n<\/div>\n<\/div>\n\n\n    <\/div>\n<\/section>\n\n<section id=\"ls-section-block_199a55361b2e1648954b054ce3bdaf44\" class=\"ls-section  page-maillage has-p-t p-t-14 has-p-b p-b-14\" >\n        <div class=\"container container--wide\">\n        \n\n<div id=\"ls-heading ls-titre-div-block_8e0ce8f517a8b87951032d40d0d20b71\" class=\"ls-titre-div deco-verticale deco-maison aligncenter h2-like\" >\n    Ontdek onze diensten, onze kamers en de omgeving!<\/div>\n\n\n<div id=\"ls-maillage-block_bec1a1d642400338a9c0df5e9b50d9e4\" class=\"ls-maillage cta-style-normal has-m-t m-t-4\" data-rows=\"3\">\n    <div class=\"wp-block-columns\"><div class=\"wp-block-column\">\n\n<a href=\"https:\/\/fermebeauregard.com\/nl\/toerisme-pyreneeen\/\" target=\"\" rel=\"noopener\" class=\"ls-cta__link\">\n\n\t<div class=\"ls-cta__image\"><img decoding=\"async\" src=\"https:\/\/fermebeauregard.com\/wp-content\/uploads\/2023\/02\/alentours-gite-beauregard-ariege.jpg\" alt=\"alentours gite beauregard\"><\/div>\n\t<div class=\"ls-cta__title\">\n\t\tTe zien\t<\/div>\n\n\t\t\n<\/a><\/div><div class=\"wp-block-column\">\n\n<a href=\"https:\/\/fermebeauregard.com\/nl\/locatie-gite-pyreneeen\/\" target=\"\" rel=\"noopener\" class=\"ls-cta__link\">\n\n\t<div class=\"ls-cta__image\"><img decoding=\"async\" src=\"https:\/\/fermebeauregard.com\/wp-content\/uploads\/2023\/02\/gite-calme-avec-vue-sur-pyrenees.jpg\" alt=\"gite calme vue pyrenees\"><\/div>\n\t<div class=\"ls-cta__title\">\n\t\tDe kamers en de g\u00eete\t<\/div>\n\n\t\t\n<\/a><\/div><div class=\"wp-block-column\">\n\n<a href=\"https:\/\/fermebeauregard.com\/nl\/maison-hotes-pyrenees\/\" target=\"\" rel=\"noopener\" class=\"ls-cta__link\">\n\n\t<div class=\"ls-cta__image\"><img decoding=\"async\" src=\"https:\/\/fermebeauregard.com\/wp-content\/uploads\/2023\/02\/chambre-table-hote-ariege-768x523.jpg\" alt=\"chambre hote ariege\"><\/div>\n\t<div class=\"ls-cta__title\">\n\t\tTable d&#8217;h\u00f4tes en diensten\t<\/div>\n\n\t\t\n<\/a><\/div><\/div><\/div>\n\n    <\/div>\n<\/section>","protected":false},"excerpt":{"rendered":"","protected":false},"author":1,"featured_media":1429,"parent":0,"menu_order":0,"comment_status":"closed","ping_status":"closed","template":"","meta":{"_acf_changed":false,"footnotes":""},"sujet":[],"class_list":["post-1530","page","type-page","status-publish","has-post-thumbnail","hentry"],"acf":[],"_links":{"self":[{"href":"https:\/\/fermebeauregard.com\/nl\/wp-json\/wp\/v2\/pages\/1530","targetHints":{"allow":["GET"]}}],"collection":[{"href":"https:\/\/fermebeauregard.com\/nl\/wp-json\/wp\/v2\/pages"}],"about":[{"href":"https:\/\/fermebeauregard.com\/nl\/wp-json\/wp\/v2\/types\/page"}],"author":[{"embeddable":true,"href":"https:\/\/fermebeauregard.com\/nl\/wp-json\/wp\/v2\/users\/1"}],"replies":[{"embeddable":true,"href":"https:\/\/fermebeauregard.com\/nl\/wp-json\/wp\/v2\/comments?post=1530"}],"version-history":[{"count":24,"href":"https:\/\/fermebeauregard.com\/nl\/wp-json\/wp\/v2\/pages\/1530\/revisions"}],"predecessor-version":[{"id":3611,"href":"https:\/\/fermebeauregard.com\/nl\/wp-json\/wp\/v2\/pages\/1530\/revisions\/3611"}],"wp:featuredmedia":[{"embeddable":true,"href":"https:\/\/fermebeauregard.com\/nl\/wp-json\/wp\/v2\/media\/1429"}],"wp:attachment":[{"href":"https:\/\/fermebeauregard.com\/nl\/wp-json\/wp\/v2\/media?parent=1530"}],"wp:term":[{"taxonomy":"sujet","embeddable":true,"href":"https:\/\/fermebeauregard.com\/nl\/wp-json\/wp\/v2\/sujet?post=1530"}],"curies":[{"name":"wp","href":"https:\/\/api.w.org\/{rel}","templated":true}]}}